{"id":258,"date":"2021-08-28T17:47:33","date_gmt":"2021-08-28T15:47:33","guid":{"rendered":"http:\/\/localhost\/f6\/?page_id=258"},"modified":"2026-02-10T14:33:01","modified_gmt":"2026-02-10T13:33:01","slug":"downloads-formulare","status":"publish","type":"page","link":"https:\/\/freudgymnasium.at\/site\/service\/downloads-formulare\/","title":{"rendered":"Downloads \/ Formulare"},"content":{"rendered":"\n<p><a href=\"https:\/\/freudgymnasium.at\/jb\/SFG-Jahresbericht2425_SCREEN.pdf\">Jahresbericht 2024\/2025<\/a><br><span style=\"font-size:0.7em\">zur guten Lesbarkeit: <\/span><br><span style=\"font-size:0.7em\">Der PDF-Reader sollte doppelseitig eingestellt werden, die erste Seite beginnt rechts als Einzelseite.<\/span><\/p>\n\n\n\n<p><a href=\"https:\/\/sfg-my.sharepoint.com\/personal\/homepage_freudgymnasium_at\/_layouts\/15\/guestaccess.aspx?guestaccesstoken=Vwf9Wt9Yg%2bmb565BbVSUW3l90XsZSqHxpjL2yx3g57U%3d&amp;docid=0b719ae897e414e27a3dc5d5338e0e10b\" target=\"_blank\" rel=\"noreferrer noopener\">Geschichte des Sigmund Freud-Gymnasiums<\/a><\/p>\n\n\n\n<p><a href=\"https:\/\/sfg-my.sharepoint.com\/:b:\/g\/personal\/homepage_freudgymnasium_at\/EbgCw9MfjMtGppC2u-ZU07gBjrNJjjefvG_p_OgKQqpzcA?e=d4330y\">Schulprofil des Sigmund-Freud-Gymnasiums<\/a><\/p>\n\n\n\n<p><a rel=\"noreferrer noopener\" href=\"https:\/\/sfg-my.sharepoint.com\/personal\/homepage_freudgymnasium_at\/_layouts\/15\/guestaccess.aspx?guestaccesstoken=TnszdrVKTcKk0VzvUPDJ%2bYbngOHSEQAr5Yb2OcTBG7c%3d&amp;docid=0a2720504433d495ca136554e0cfe62ba\" target=\"_blank\">F\u00f6rderma\u00dfnahmen an den &#8220;Nahtstellen&#8221; (erste und f\u00fcnfte Klassen)<\/a><\/p>\n\n\n\n<p><a href=\"https:\/\/freudgymnasium.at\/site\/wp-content\/uploads\/2026\/02\/Terminkalender-Sommersemester-2025_2026-Eltern-09.02.2026.pdf\" data-type=\"link\" data-id=\"https:\/\/freudgymnasium.at\/site\/wp-content\/uploads\/2026\/02\/Terminkalender-Sommersemester-2025_2026-Eltern-09.02.2026.pdf\">Terminkalender f\u00fcr Eltern 2025\/2026 &#8211; Sommersemester<\/a><\/p>\n\n\n\n<p><a href=\"https:\/\/freudgymnasium.at\/site\/wp-content\/uploads\/2026\/01\/Kurzfassung-Kinderschutzkonzept-SFG-Jaenner-2026-in-einfacher-Sprache.pdf\">Kurzfassung Kinderschutzkonzept SFG &#8211; in einfacher Sprache (Stand 01.2026)<\/a><\/p>\n\n\n\n<p><a href=\"https:\/\/freudgymnasium.at\/site\/wp-content\/uploads\/2026\/01\/Kurzfassung-Kinderschutzkonzept-SFG-Jaenner-2026.pdf\">Kurzfassung Kinderschutzkonzept SFG (Stand 01.2026)<\/a><\/p>\n\n\n\n<p><a href=\"https:\/\/freudgymnasium.at\/site\/wp-content\/uploads\/2025\/10\/Bewegte-Klasse-Elterninformation.pdf\">SFG &#8220;Bewegte Klasse&#8221; Elterninformation<\/a><\/p>\n\n\n\n<p><a href=\"https:\/\/freudgymnasium.at\/site\/wp-content\/uploads\/2025\/10\/Bewegte-Klasse-Orientierungsnachmittag.pdf\" data-type=\"attachment\" data-id=\"2984\">&#8220;Bewegte Klasse&#8221; Orientierungsnachmittag<\/a><\/p>\n\n\n\n<p><a href=\"https:\/\/sfg-my.sharepoint.com\/:b:\/g\/personal\/homepage_freudgymnasium_at\/EdGnQvln7qBGkQsjhOj-dgsBTGsHB79aGWU2245EAlbQEQ?e=x2xQkW\" target=\"_blank\" rel=\"noreferrer noopener\">Unverbindliche \u00dcbungen im Schuljahr 2025\/2026 &#8211; Zeiten (September 2025)<br><\/a><a href=\"https:\/\/sfg-my.sharepoint.com\/:b:\/g\/personal\/homepage_freudgymnasium_at\/ER3LyiVwH-BOsu3bik85nrsB6xMPqjhe6KfSpZgXI0mz7w?e=NWPcFI\" target=\"_blank\" rel=\"noreferrer noopener\">Anmeldeformular f\u00fcr Unverbindliche \u00dcbungen<\/a><\/p>\n\n\n\n<p><\/p>\n\n\n\n<p><a href=\"https:\/\/sfg-my.sharepoint.com\/:b:\/g\/personal\/homepage_freudgymnasium_at\/EXhrBWZTgqpLsH4I0XtHdQkBQbI3Vakzg4oJz9XriTgzPg?e=qwuyNF\" target=\"_blank\" rel=\"noreferrer noopener\">Betreute Mittagspause 2025\/26<\/a><\/p>\n\n\n\n<p><a href=\"https:\/\/sfg-my.sharepoint.com\/:b:\/g\/personal\/homepage_freudgymnasium_at\/EVbheQP7ha9CrglINx_SOxkByafOyAydNdgJ5LvTVkfylQ?e=r9xnTR\" target=\"_blank\" rel=\"noreferrer noopener\">Entschuldigungsformulare<\/a><\/p>\n\n\n\n<p><a href=\"https:\/\/freudgymnasium.at\/site\/wp-content\/uploads\/2025\/10\/Hausordnung-SFG-September-2025.pdf\">Hausordnung&nbsp;SFG September 2025<\/a><\/p>\n\n\n\n<p><a href=\"https:\/\/freudgymnasium.at\/site\/wp-content\/uploads\/2025\/10\/Verhaltensvereinbarung-Notebooknutzung.pdf\">Verhaltensvereinbarung Notebooknutzung Neu<\/a><\/p>\n\n\n\n<p><a href=\"https:\/\/freudgymnasium.at\/site\/wp-content\/uploads\/2025\/10\/ILB-Anmeldung.pdf\" data-type=\"attachment\" data-id=\"2602\" target=\"_blank\" rel=\"noreferrer noopener\">ILB &#8211; Anmeldung<\/a><\/p>\n\n\n\n<p><a href=\"https:\/\/freudgymnasium.at\/site\/wp-content\/uploads\/2025\/10\/ILB-Informationsblatt.pdf\" data-type=\"attachment\" data-id=\"2603\" target=\"_blank\" rel=\"noreferrer noopener\">ILB &#8211; Informationsblatt<\/a><\/p>\n\n\n\n<p><a href=\"https:\/\/freudgymnasium.at\/site\/wp-content\/uploads\/2025\/10\/Massnahmen-bei-Verstoessen-gegen-die-Hausordnung.pdf\">Ma\u00dfnahmen bei Verst\u00f6\u00dfen gegen die Hausordnung<\/a><\/p>\n\n\n\n<p><a href=\"https:\/\/sfg-my.sharepoint.com\/:b:\/g\/personal\/homepage_freudgymnasium_at\/Efgl_3dPt-9EhHz-GuI0D6oB7H-_KaUGXzJhNAY198TxLw?e=SMsaob\" target=\"_blank\" rel=\"noreferrer noopener\">Blackout-Regelungen am Sigmund-Freud-Gymnasium<\/a><\/p>\n\n\n\n<p><a href=\"https:\/\/sfg-my.sharepoint.com\/:b:\/g\/personal\/homepage_freudgymnasium_at\/EXWMmme_QcZArQJUjX6Yph0B2Wx5fONct_tNkU8b22sHkA?e=VawHOH\">Impfkonzept &#8211; Empfehlung der Bundesministerien<\/a><\/p>\n\n\n\n<p><a href=\"https:\/\/freudgymnasium.at\/site\/wp-content\/uploads\/2025\/10\/Abmeldung-Sigmund-Freud-Gymnasium.pdf\">Abmeldung von der Schule &#8211; Formular<\/a><\/p>\n\n\n\n<p><a href=\"https:\/\/sfg-my.sharepoint.com\/:f:\/g\/personal\/vwa_freudgymnasium_at\/EjoItoemz15EoRsIlT8IOGkBWc_e1TlB5AxP2BxUQSDqKQ?e=VgmdSZ\" target=\"_blank\" rel=\"noreferrer noopener\">Vorwissenschaftliche Arbeit &#8211; Downloads<\/a><\/p>\n","protected":false},"excerpt":{"rendered":"<p>Jahresbericht 2024\/2025zur guten Lesbarkeit: Der PDF-Reader sollte doppelseitig eingestellt werden, die erste Seite beginnt rechts als Einzelseite. Geschichte des Sigmund Freud-Gymnasiums Schulprofil des Sigmund-Freud-Gymnasiums F\u00f6rderma\u00dfnahmen an den &#8220;Nahtstellen&#8221; (erste und f\u00fcnfte Klassen) Terminkalender f\u00fcr Eltern 2025\/2026 &#8211; Sommersemester Kurzfassung Kinderschutzkonzept SFG &#8211; in einfacher Sprache (Stand 01.2026) Kurzfassung Kinderschutzkonzept SFG (Stand 01.2026) SFG &#8220;Bewegte Klasse&#8221; [&hellip;]<\/p>\n","protected":false},"author":1,"featured_media":0,"parent":40,"menu_order":0,"comment_status":"closed","ping_status":"closed","template":"","meta":{"footnotes":""},"class_list":["post-258","page","type-page","status-publish","hentry"],"_links":{"self":[{"href":"https:\/\/freudgymnasium.at\/site\/wp-json\/wp\/v2\/pages\/258","targetHints":{"allow":["GET"]}}],"collection":[{"href":"https:\/\/freudgymnasium.at\/site\/wp-json\/wp\/v2\/pages"}],"about":[{"href":"https:\/\/freudgymnasium.at\/site\/wp-json\/wp\/v2\/types\/page"}],"author":[{"embeddable":true,"href":"https:\/\/freudgymnasium.at\/site\/wp-json\/wp\/v2\/users\/1"}],"replies":[{"embeddable":true,"href":"https:\/\/freudgymnasium.at\/site\/wp-json\/wp\/v2\/comments?post=258"}],"version-history":[{"count":31,"href":"https:\/\/freudgymnasium.at\/site\/wp-json\/wp\/v2\/pages\/258\/revisions"}],"predecessor-version":[{"id":3522,"href":"https:\/\/freudgymnasium.at\/site\/wp-json\/wp\/v2\/pages\/258\/revisions\/3522"}],"up":[{"embeddable":true,"href":"https:\/\/freudgymnasium.at\/site\/wp-json\/wp\/v2\/pages\/40"}],"wp:attachment":[{"href":"https:\/\/freudgymnasium.at\/site\/wp-json\/wp\/v2\/media?parent=258"}],"curies":[{"name":"wp","href":"https:\/\/api.w.org\/{rel}","templated":true}]}}